{"version":"1.0","provider_name":"IMECAF - Blog","provider_url":"https:\/\/imecaf.com\/blog","author_name":"Equipo de IMECAF","author_url":"https:\/\/imecaf.com\/blog\/author\/mfonticoba\/","title":"La Gran Depresi\u00f3n - IMECAF - Blog","type":"rich","width":600,"height":338,"html":"<blockquote class=\"wp-embedded-content\" data-secret=\"HcEc6ZHMhF\"><a href=\"https:\/\/imecaf.com\/blog\/2026\/08\/31\/la-gran-depresion\/\">La Gran Depresi\u00f3n<\/a><\/blockquote><iframe sandbox=\"allow-scripts\" security=\"restricted\" src=\"https:\/\/imecaf.com\/blog\/2026\/08\/31\/la-gran-depresion\/embed\/#?secret=HcEc6ZHMhF\" width=\"600\" height=\"338\" title=\"\u00abLa Gran Depresi\u00f3n\u00bb \u2014 IMECAF - Blog\" data-secret=\"HcEc6ZHMhF\" frameborder=\"0\" marginwidth=\"0\" marginheight=\"0\" scrolling=\"no\" class=\"wp-embedded-content\"><\/iframe><script>\n\/*! This file is auto-generated *\/\n!function(d,l){\"use strict\";l.querySelector&&d.addEventListener&&\"undefined\"!=typeof URL&&(d.wp=d.wp||{},d.wp.receiveEmbedMessage||(d.wp.receiveEmbedMessage=function(e){var t=e.data;if((t||t.secret||t.message||t.value)&&!\/[^a-zA-Z0-9]\/.test(t.secret)){for(var s,r,n,a=l.querySelectorAll('iframe[data-secret=\"'+t.secret+'\"]'),o=l.querySelectorAll('blockquote[data-secret=\"'+t.secret+'\"]'),c=new RegExp(\"^https?:$\",\"i\"),i=0;i<o.length;i++)o[i].style.display=\"none\";for(i=0;i<a.length;i++)s=a[i],e.source===s.contentWindow&&(s.removeAttribute(\"style\"),\"height\"===t.message?(1e3<(r=parseInt(t.value,10))?r=1e3:~~r<200&&(r=200),s.height=r):\"link\"===t.message&&(r=new URL(s.getAttribute(\"src\")),n=new URL(t.value),c.test(n.protocol))&&n.host===r.host&&l.activeElement===s&&(d.top.location.href=t.value))}},d.addEventListener(\"message\",d.wp.receiveEmbedMessage,!1),l.addEventListener(\"DOMContentLoaded\",function(){for(var e,t,s=l.querySelectorAll(\"iframe.wp-embedded-content\"),r=0;r<s.length;r++)(t=(e=s[r]).getAttribute(\"data-secret\"))||(t=Math.random().toString(36).substring(2,12),e.src+=\"#?secret=\"+t,e.setAttribute(\"data-secret\",t)),e.contentWindow.postMessage({message:\"ready\",secret:t},\"*\")},!1)))}(window,document);\n\/\/# sourceURL=https:\/\/imecaf.com\/blog\/wp-includes\/js\/wp-embed.min.js\n<\/script>\n","description":"\u00abLa Gran Depresi\u00f3n fue un episodio extraordinariamente dram\u00e1tico: una \u00e9poca de desplomes burs\u00e1tiles, colas para recibir pan, corridas bancarias y una desenfrenada especulaci\u00f3n monetaria, todo ello con los nubarrones de la guerra acumul\u00e1ndose de forma ominosa en el horizonte\u2026 En mi opini\u00f3n, pocos periodos poseen tanto inter\u00e9s humano.\u00bb Ben Shalom Bernanke\u200b (1953- ) Economista y ... Leer m\u00e1s"}